{"id":990372,"date":"2023-08-07T12:41:29","date_gmt":"2023-08-07T10:41:29","guid":{"rendered":"https:\/\/www.pavimentus.com\/avis-legal\/"},"modified":"2025-01-28T11:05:10","modified_gmt":"2025-01-28T10:05:10","slug":"avis-legal","status":"publish","type":"page","link":"https:\/\/www.pavimentus.com\/ca\/avis-legal\/","title":{"rendered":"Av\u00eds Legal"},"content":{"rendered":"\t\t<div data-elementor-type=\"wp-page\" data-elementor-id=\"990372\" class=\"elementor elementor-990372 elementor-1347\" data-elementor-post-type=\"page\">\n\t\t\t\t\t\t<section class=\"elementor-section elementor-top-section elementor-element elementor-element-235c714 elementor-section-height-min-height elementor-section-items-stretch elementor-section-full_width elementor-section-height-default\" data-id=\"235c714\" data-element_type=\"section\" data-e-type=\"section\" data-settings=\"{&quot;background_motion_fx_scale_effect&quot;:&quot;yes&quot;,&quot;background_motion_fx_scale_speed&quot;:{&quot;unit&quot;:&quot;px&quot;,&quot;size&quot;:2,&quot;sizes&quot;:[]},&quot;background_motion_fx_scale_range&quot;:{&quot;unit&quot;:&quot;%&quot;,&quot;size&quot;:&quot;&quot;,&quot;sizes&quot;:{&quot;start&quot;:31,&quot;end&quot;:100}},&quot;background_motion_fx_devices&quot;:[&quot;desktop&quot;],&quot;background_motion_fx_scale_direction&quot;:&quot;out-in&quot;}\">\n\t\t\t\t\t\t<div class=\"elementor-container elementor-column-gap-no\">\n\t\t\t\t\t<div class=\"elementor-column elementor-col-100 elementor-top-column elementor-element elementor-element-e0c0221\" data-id=\"e0c0221\" data-element_type=\"column\" data-e-type=\"column\" data-settings=\"{&quot;background_motion_fx_devices&quot;:[&quot;desktop&quot;]}\">\n\t\t\t<div class=\"elementor-widget-wrap elementor-element-populated\">\n\t\t\t\t\t\t<section class=\"elementor-section elementor-inner-section elementor-element elementor-element-3602ffe elementor-section-boxed elementor-section-height-default elementor-section-height-default\" data-id=\"3602ffe\" data-element_type=\"section\" data-e-type=\"section\" data-settings=\"{&quot;background_background&quot;:&quot;gradient&quot;}\">\n\t\t\t\t\t\t<div class=\"elementor-container elementor-column-gap-no\">\n\t\t\t\t\t<div class=\"elementor-column elementor-col-100 elementor-inner-column elementor-element elementor-element-e069b26\" data-id=\"e069b26\" data-element_type=\"column\" data-e-type=\"column\">\n\t\t\t<div class=\"elementor-widget-wrap elementor-element-populated\">\n\t\t\t\t\t\t<div class=\"elementor-element elementor-element-151ffb8 e-transform elementor-absolute elementor-hidden-mobile elementor-widget-divider--view-line elementor-widget elementor-widget-divider\" data-id=\"151ffb8\" data-element_type=\"widget\" data-e-type=\"widget\" data-settings=\"{&quot;_transform_rotateZ_effect&quot;:{&quot;unit&quot;:&quot;px&quot;,&quot;size&quot;:90,&quot;sizes&quot;:[]},&quot;_position&quot;:&quot;absolute&quot;,&quot;_transform_rotateZ_effect_tablet&quot;:{&quot;unit&quot;:&quot;deg&quot;,&quot;size&quot;:&quot;&quot;,&quot;sizes&quot;:[]},&quot;_transform_rotateZ_effect_mobile&quot;:{&quot;unit&quot;:&quot;deg&quot;,&quot;size&quot;:&quot;&quot;,&quot;sizes&quot;:[]}}\" data-widget_type=\"divider.default\">\n\t\t\t\t<div class=\"elementor-widget-container\">\n\t\t\t\t\t\t\t<div class=\"elementor-divider\">\n\t\t\t<span class=\"elementor-divider-separator\">\n\t\t\t\t\t\t<\/span>\n\t\t<\/div>\n\t\t\t\t\t\t<\/div>\n\t\t\t\t<\/div>\n\t\t\t\t<div class=\"elementor-element elementor-element-a1bc80a e-transform elementor-absolute elementor-hidden-mobile elementor-widget-divider--view-line elementor-widget elementor-widget-divider\" data-id=\"a1bc80a\" data-element_type=\"widget\" data-e-type=\"widget\" data-settings=\"{&quot;_transform_rotateZ_effect&quot;:{&quot;unit&quot;:&quot;px&quot;,&quot;size&quot;:90,&quot;sizes&quot;:[]},&quot;_position&quot;:&quot;absolute&quot;,&quot;_transform_rotateZ_effect_tablet&quot;:{&quot;unit&quot;:&quot;deg&quot;,&quot;size&quot;:&quot;&quot;,&quot;sizes&quot;:[]},&quot;_transform_rotateZ_effect_mobile&quot;:{&quot;unit&quot;:&quot;deg&quot;,&quot;size&quot;:&quot;&quot;,&quot;sizes&quot;:[]}}\" data-widget_type=\"divider.default\">\n\t\t\t\t<div class=\"elementor-widget-container\">\n\t\t\t\t\t\t\t<div class=\"elementor-divider\">\n\t\t\t<span class=\"elementor-divider-separator\">\n\t\t\t\t\t\t<\/span>\n\t\t<\/div>\n\t\t\t\t\t\t<\/div>\n\t\t\t\t<\/div>\n\t\t\t\t<div class=\"elementor-element elementor-element-bdaeca1 elementor-widget elementor-widget-spacer\" data-id=\"bdaeca1\" data-element_type=\"widget\" data-e-type=\"widget\" data-widget_type=\"spacer.default\">\n\t\t\t\t<div class=\"elementor-widget-container\">\n\t\t\t\t\t\t\t<div class=\"elementor-spacer\">\n\t\t\t<div class=\"elementor-spacer-inner\"><\/div>\n\t\t<\/div>\n\t\t\t\t\t\t<\/div>\n\t\t\t\t<\/div>\n\t\t\t\t<div class=\"elementor-element elementor-element-174fe21 elementor-widget__width-initial elementor-invisible elementor-widget elementor-widget-heading\" data-id=\"174fe21\" data-element_type=\"widget\" data-e-type=\"widget\" data-settings=\"{&quot;_animation&quot;:&quot;fadeIn&quot;,&quot;_animation_tablet&quot;:&quot;none&quot;,&quot;_animation_delay&quot;:300}\" data-widget_type=\"heading.default\">\n\t\t\t\t<div class=\"elementor-widget-container\">\n\t\t\t\t\t<h1 class=\"elementor-heading-title elementor-size-default\">Av\u00eds Legal<\/h1>\t\t\t\t<\/div>\n\t\t\t\t<\/div>\n\t\t\t\t<div class=\"elementor-element elementor-element-ed25108 elementor-hidden-mobile elementor-widget elementor-widget-spacer\" data-id=\"ed25108\" data-element_type=\"widget\" data-e-type=\"widget\" data-widget_type=\"spacer.default\">\n\t\t\t\t<div class=\"elementor-widget-container\">\n\t\t\t\t\t\t\t<div class=\"elementor-spacer\">\n\t\t\t<div class=\"elementor-spacer-inner\"><\/div>\n\t\t<\/div>\n\t\t\t\t\t\t<\/div>\n\t\t\t\t<\/div>\n\t\t\t\t\t<\/div>\n\t\t<\/div>\n\t\t\t\t\t<\/div>\n\t\t<\/section>\n\t\t\t\t\t<\/div>\n\t\t<\/div>\n\t\t\t\t\t<\/div>\n\t\t<\/section>\n\t\t\t\t<section class=\"elementor-section elementor-top-section elementor-element elementor-element-96e86db elementor-section-boxed elementor-section-height-default elementor-section-height-default\" data-id=\"96e86db\" data-element_type=\"section\" data-e-type=\"section\">\n\t\t\t\t\t\t<div class=\"elementor-container elementor-column-gap-no\">\n\t\t\t\t\t<div class=\"elementor-column elementor-col-100 elementor-top-column elementor-element elementor-element-00657ac\" data-id=\"00657ac\" data-element_type=\"column\" data-e-type=\"column\">\n\t\t\t<div class=\"elementor-widget-wrap\">\n\t\t\t\t\t\t\t<\/div>\n\t\t<\/div>\n\t\t\t\t\t<\/div>\n\t\t<\/section>\n\t\t<div class=\"elementor-element elementor-element-2dda4e4 e-flex e-con-boxed e-con e-parent\" data-id=\"2dda4e4\" data-element_type=\"container\" data-e-type=\"container\">\n\t\t\t\t\t<div class=\"e-con-inner\">\n\t\t\t\t<div class=\"vamtam-has-theme-widget-styles elementor-element elementor-element-94c43e8 elementor-widget elementor-widget-text-editor\" data-id=\"94c43e8\" data-element_type=\"widget\" data-e-type=\"widget\" data-widget_type=\"text-editor.default\">\n\t\t\t\t<div class=\"elementor-widget-container\">\n\t\t\t\t\t\t\t\t\t<p><strong>1. Condici\u00f3 d&#8217;USUARI<\/strong><\/p><p>L&#8217;acc\u00e9s o \u00fas del lloc web www.pavimentus.com impliquen tenir la condici\u00f3 d&#8217;USUARI del mateix i l&#8217;acceptaci\u00f3 de les condicions generals d&#8217;\u00fas, sens perjudici d&#8217;aquelles condicions particulars que es puguin pactar individualment, que tamb\u00e9 adquiriran for\u00e7a obligat\u00f2ria entre les parts .<\/p><div>\u00a0<\/div><p><strong>2. Condici\u00f3 de TITULAR<\/strong><\/p><p>En compliment del que disposa l&#8217;article 10 de la Llei 34\/2002, d&#8217;11 de juliol, de serveis de la Societat de la Informaci\u00f3 i de Comer\u00e7 Electr\u00f2nic, es posa en coneixement els USUARIS del lloc web www.pavimentus.com, de forma directa i gratu\u00efta, la informaci\u00f3 seg\u00fcent, relativa al TITULAR del domini:<br \/>1. Denominaci\u00f3 social: VERTADEC S.L.<br \/>2. Domicili: C\/ Pica d&#8217;Estats 18, 08272, Sant Fruit\u00f3s de Bages (Barcelona)<br \/>3. Adre\u00e7a de correu electr\u00f2nic: comercial@pavimentus.com<br \/>4. Tel\u00e8fon: (+34) 931 351 005<br \/>5. CIF: B19478593<\/p><div>\u00a0<\/div><p><strong>3. Objecte<\/strong><\/p><p>A trav\u00e9s del lloc www.pavimentus.com, VERTADEC S.L., en endavant el TITULAR, facilita als USUARIS l&#8217;acc\u00e9s a informacions i la utilitzaci\u00f3 de diferents serveis posats a disposici\u00f3 tant per part del TITULAR com per part de tercers.<\/p><div>\u00a0<\/div><p><strong>4. Condicions d&#8217;\u00fas<\/strong><\/p><p>L&#8217;acc\u00e9s al lloc tindr\u00e0 car\u00e0cter gratu\u00eft, sense perjudici que algun dels serveis als quals es pot accedir estiguin subjectes al pagament d&#8217;un preu.<br \/>L&#8217;USUARI assumeix la responsabilitat en l\u00fas del lloc web.<br \/>Per fer \u00fas dels serveis, els menors requeriran el perm\u00eds dels pares o tutors, que seran responsables dels actes duts a terme pels menors a c\u00e0rrec seu.<br \/>L&#8217;USUARI es compromet a fer un \u00fas adequat dels continguts i serveis que ofereix www.pavimentus.com, abstenint-se d&#8217;utilitzar-los amb finalitats il\u00b7l\u00edcites, o que contravinguin els interessos de tercers, siguin contraris als drets humans, o provoquin danys als sistemes de la web o als dels seus prove\u00efdors o tercers.<br \/>El TITULAR disposa de la infraestructura necess\u00e0ria per evitar danys derivats de l&#8217;exist\u00e8ncia de virus inform\u00e0tics, encara que no es fa responsable dels danys potencials o errors que, a causa de la pres\u00e8ncia de qualsevol virus, pugui patir el sistema inform\u00e0tic de l&#8217;USUARI quan hi accedeixi a les p\u00e0gines web o les utilitzeu.<br \/>El TITULAR es reserva el dret d&#8217;efectuar, sense av\u00eds previ, les modificacions que consideri oportunes al seu lloc web, podent canviar, suprimir i afegir tant els continguts i serveis que es presten, com la forma en qu\u00e8 aquests apareixen presentats o localitzats.<\/p><div>\u00a0<\/div><p><strong>5. Propietat industrial i intel\u00b7lectual<\/strong><\/p><p>Totes les marques, noms comercials o signes distintius del qualsevol tipus que apareixen al lloc www.pavimentus.com s\u00f3n propietat del TITULAR o de tercers, sense que es pugui entendre que l&#8217;\u00fas o acc\u00e9s al lloc i\/o als serveis oferts atribueixi a l&#8217;USUARI cap mena de dret sobre les marques, noms comercials o signes distintius.<br \/>Aix\u00ed mateix, els continguts s\u00f3n propietat intel\u00b7lectual del TITULAR o de tercers, sense que puguin entendre&#8217;s cedits a l&#8217;USUARI, ni que aquest pugui fer-ne \u00fas m\u00e9s enll\u00e0 del que sigui estrictament necessari per a un \u00fas correcte del lloc web i dels seus serveis.<br \/>Aquesta cl\u00e0usula inclou, a t\u00edtol enunciatiu i no limitatiu: imatges, so, v\u00eddeo, programari, textos, marques, logotips, combinacions de colors, estructura i disseny, programes inform\u00e0tics necessaris per al seu funcionament, acc\u00e9s i \u00fas, etc.<br \/>En virtut del que disposa el Reial Decret Legislatiu 1\/1996, de 12 d&#8217;abril, pel qual s&#8217;aprova el text ref\u00f3s de la Llei de propietat intel\u00b7lectual, queden expressament prohibides la reproducci\u00f3, distribuci\u00f3 i comunicaci\u00f3 p\u00fablica, inclosa la modalitat de posada a disposici\u00f3, de la totalitat o part dels continguts d&#8217;aquest lloc web amb finalitats comercials, a qualsevol suport i per qualsevol mitj\u00e0 t\u00e8cnic, sense l&#8217;autoritzaci\u00f3 del TITULAR.<br \/>L&#8217;USUARI haur\u00e0 d&#8217;abstenir-se de suprimir, alterar, eludir o manipular qualsevol dispositiu de protecci\u00f3 o sistema de seguretat que estigui instal\u00b7lat a www.pavimentus.com<\/p><div>\u00a0<\/div><p><strong>6. Protecci\u00f3 de dades de car\u00e0cter personal<\/strong><\/p><p>El TITULAR es reserva la facultat d&#8217;incloure en un fitxer de dades de car\u00e0cter personal aquella informaci\u00f3 facilitada per l&#8217;USUARI, complint les directrius marcades pel Reglament (UE) 2016\/679 del Parlament Europeu i del Consell, de 27 d&#8217;abril de 2016 , relatiu a la protecci\u00f3 de les persones f\u00edsiques pel que fa al tractament de dades personals ia la lliure circulaci\u00f3 d&#8217;aquestes dades, i seguint les recomanacions i les instruccions emeses per l&#8217;Ag\u00e8ncia Espanyola de Protecci\u00f3 de Dades (A.E.P.D.).<br \/>La finalitat d&#8217;aquest fitxer ser\u00e0 la directament relacionada amb l&#8217;activitat empresarial.<br \/>L&#8217;USUARI podr\u00e0 exercir els drets d&#8217;acc\u00e9s, rectificaci\u00f3, cancel\u00b7laci\u00f3 i oposici\u00f3 adre\u00e7ant a aquest efecte un correu electr\u00f2nic a l&#8217;adre\u00e7a comercial@pavimentus.com indicant la refer\u00e8ncia LOPD.<\/p><div>\u00a0<\/div><p><strong>7. Xarxes socials<\/strong><\/p><p>El TITULAR t\u00e9 pres\u00e8ncia a les xarxes socials. El tractament de les dades de les persones que connectin amb el TITULAR a trav\u00e9s d&#8217;aquests canals es regir\u00e0 igualment per aquestes condicions generals d&#8217;\u00fas, sens perjudici d&#8217;aquelles condicions espec\u00edfiques inherents a la xarxa social que correspongui.<br \/>El TITULAR tractar\u00e0 les dades de l&#8217;USUARI per tal d&#8217;administrar correctament la seva pres\u00e8ncia a les xarxes socials, informar-lo d&#8217;activitats, productes o serveis del TITULAR, o de tercers que puguin estar relacionats amb la seva activitat, aix\u00ed com per a qualsevol altre fi que les normatives de les xarxes socials poguessin permetre.<\/p><div>\u00a0<\/div><p><strong>8. Exclusi\u00f3 de garanties i responsabilitat<\/strong><\/p><p>El TITULAR no es fa responsable, en cap cas, dels danys i perjudicis de qualsevol tipus que es poguessin ocasionar pel mal funcionament del lloc web, citant, a t\u00edtol merament enunciatiu: errors o omissions en els continguts, manca de disponibilitat del lloc, transmissi\u00f3 de virus o programes lesius en els continguts, tot i haver adoptat totes les mesures tecnol\u00f2giques per evitar-ho.<\/p><div>\u00a0<\/div><p><strong>9. Enlla\u00e7os<\/strong><\/p><p>En cas que a www.pavimentus.com es facilitin enlla\u00e7os a altres llocs d&#8217;Internet, el TITULAR no exercir\u00e0 cap mena de control sobre aquests llocs i continguts. En cap cas el TITULAR no assumir\u00e0 responsabilitats pels continguts dels enlla\u00e7os pertanyents a un lloc web ali\u00e8, ni garantir\u00e0 la disponibilitat t\u00e8cnica, qualitat, fiabilitat, exactitud, amplitud, veracitat, validesa i constitucionalitat de qualsevol material o informaci\u00f3 continguda en cap d&#8217;aquests enlla\u00e7os. O altres llocs d&#8217;Internet. De la mateixa manera, l&#8217;enlla\u00e7 d&#8217;aquestes connexions externes no implicar\u00e0 cap mena d&#8217;associaci\u00f3, fusi\u00f3 o participaci\u00f3 amb les entitats connectades.<\/p><div>\u00a0<\/div><p><strong>10. Vig\u00e8ncia i modificacions de les condicions generals d&#8217;\u00fas<\/strong><\/p><p>Aquestes condicions romandran en vigor de forma indefinida, sens perjudici de la seva modificaci\u00f3, que podr\u00e0 dur a terme el TITULAR en qualsevol moment, essent degudament publicades al lloc web.<\/p><div>\u00a0<\/div><p><strong>11. Jurisdicci\u00f3 i legislaci\u00f3 aplicable<\/strong><\/p><p>Les relacions entre USUARI i TITULAR es regiran per la normativa estatal aplicable, sotmetent-se a la jurisdicci\u00f3 dels \u00f2rgans jurisdiccionals de la localitat de Manresa.<\/p>\t\t\t\t\t\t\t\t<\/div>\n\t\t\t\t<\/div>\n\t\t\t\t\t<\/div>\n\t\t\t\t<\/div>\n\t\t\t\t<\/div>\n\t\t","protected":false},"excerpt":{"rendered":"<p>1. Condici\u00f3 d&#8217;USUARI L&#8217;acc\u00e9s o \u00fas del lloc web www.pavimentus.com impliquen tenir la condici\u00f3 d&#8217;USUARI del mateix i l&#8217;acceptaci\u00f3 de les condicions generals d&#8217;\u00fas, sens perjudici d&#8217;aquelles condicions particulars que es puguin pactar individualment, que tamb\u00e9 adquiriran for\u00e7a obligat\u00f2ria entre les parts . \u00a0 2. Condici\u00f3 de TITULAR En compliment del que disposa l&#8217;article 10&#8230;<\/p>\n","protected":false},"author":2,"featured_media":0,"parent":0,"menu_order":0,"comment_status":"closed","ping_status":"closed","template":"elementor_header_footer","meta":{"_joinchat":[],"footnotes":""},"class_list":["post-990372","page","type-page","status-publish","hentry"],"yoast_head":"<!-- This site is optimized with the Yoast SEO plugin v27.0 - https:\/\/yoast.com\/product\/yoast-seo-wordpress\/ -->\n<title>Av\u00eds legal | Pavimentus<\/title>\n<meta name=\"description\" content=\"P\u00e0gina d&#039;av\u00eds legal del lloc web de Pavimentus.\" \/>\n<meta name=\"robots\" content=\"index, follow, max-snippet:-1, max-image-preview:large, max-video-preview:-1\" \/>\n<link rel=\"canonical\" href=\"https:\/\/www.pavimentus.com\/ca\/avis-legal\/\" \/>\n<meta property=\"og:locale\" content=\"ca_ES\" \/>\n<meta property=\"og:type\" content=\"article\" \/>\n<meta property=\"og:title\" content=\"Av\u00eds legal | Pavimentus\" \/>\n<meta property=\"og:description\" content=\"P\u00e0gina d&#039;av\u00eds legal del lloc web de Pavimentus.\" \/>\n<meta property=\"og:url\" content=\"https:\/\/www.pavimentus.com\/ca\/avis-legal\/\" \/>\n<meta property=\"og:site_name\" content=\"Pavimentus \u00b7 Tarima Tecnol\u00f3gica Sint\u00e9tica, Vallas y Medianeras y Revestimiento\" \/>\n<meta property=\"article:publisher\" content=\"https:\/\/www.facebook.com\/pavimentus\/\" \/>\n<meta property=\"article:modified_time\" content=\"2025-01-28T10:05:10+00:00\" \/>\n<meta name=\"twitter:card\" content=\"summary_large_image\" \/>\n<meta name=\"twitter:label1\" content=\"Temps estimat de lectura\" \/>\n\t<meta name=\"twitter:data1\" content=\"5 minuts\" \/>\n<script type=\"application\/ld+json\" class=\"yoast-schema-graph\">{\"@context\":\"https:\/\/schema.org\",\"@graph\":[{\"@type\":\"WebPage\",\"@id\":\"https:\/\/www.pavimentus.com\/ca\/avis-legal\/\",\"url\":\"https:\/\/www.pavimentus.com\/ca\/avis-legal\/\",\"name\":\"Av\u00eds legal | Pavimentus\",\"isPartOf\":{\"@id\":\"https:\/\/www.pavimentus.com\/ca\/#website\"},\"datePublished\":\"2023-08-07T10:41:29+00:00\",\"dateModified\":\"2025-01-28T10:05:10+00:00\",\"description\":\"P\u00e0gina d'av\u00eds legal del lloc web de Pavimentus.\",\"breadcrumb\":{\"@id\":\"https:\/\/www.pavimentus.com\/ca\/avis-legal\/#breadcrumb\"},\"inLanguage\":\"ca\",\"potentialAction\":[{\"@type\":\"ReadAction\",\"target\":[\"https:\/\/www.pavimentus.com\/ca\/avis-legal\/\"]}]},{\"@type\":\"BreadcrumbList\",\"@id\":\"https:\/\/www.pavimentus.com\/ca\/avis-legal\/#breadcrumb\",\"itemListElement\":[{\"@type\":\"ListItem\",\"position\":1,\"name\":\"Portada\",\"item\":\"https:\/\/www.pavimentus.com\/ca\/\"},{\"@type\":\"ListItem\",\"position\":2,\"name\":\"Av\u00eds Legal\"}]},{\"@type\":\"WebSite\",\"@id\":\"https:\/\/www.pavimentus.com\/ca\/#website\",\"url\":\"https:\/\/www.pavimentus.com\/ca\/\",\"name\":\"Pavimentus \u00b7 Tarima Tecnol\u00f3gica Sint\u00e9tica, Vallas y Medianeras y Revestimiento\",\"description\":\"Tarimas, fachadas y vallas de madera sint\u00e9tica o tecnol\u00f3gica de bajo mantenimiento. Para m\u00e1s informaci\u00f3n: 93 135 10 05\",\"publisher\":{\"@id\":\"https:\/\/www.pavimentus.com\/ca\/#organization\"},\"potentialAction\":[{\"@type\":\"SearchAction\",\"target\":{\"@type\":\"EntryPoint\",\"urlTemplate\":\"https:\/\/www.pavimentus.com\/ca\/?s={search_term_string}\"},\"query-input\":{\"@type\":\"PropertyValueSpecification\",\"valueRequired\":true,\"valueName\":\"search_term_string\"}}],\"inLanguage\":\"ca\"},{\"@type\":\"Organization\",\"@id\":\"https:\/\/www.pavimentus.com\/ca\/#organization\",\"name\":\"Pavimentus \u00b7 Tarima Tecnol\u00f3gica Sint\u00e9tica, Vallas y Medianeras y Revestimiento\",\"url\":\"https:\/\/www.pavimentus.com\/ca\/\",\"logo\":{\"@type\":\"ImageObject\",\"inLanguage\":\"ca\",\"@id\":\"https:\/\/www.pavimentus.com\/ca\/#\/schema\/logo\/image\/\",\"url\":\"https:\/\/www.pavimentus.com\/wp-content\/uploads\/2024\/08\/cropped-LOGO_PAVIMENTUS_01.png\",\"contentUrl\":\"https:\/\/www.pavimentus.com\/wp-content\/uploads\/2024\/08\/cropped-LOGO_PAVIMENTUS_01.png\",\"width\":3635,\"height\":426,\"caption\":\"Pavimentus \u00b7 Tarima Tecnol\u00f3gica Sint\u00e9tica, Vallas y Medianeras y Revestimiento\"},\"image\":{\"@id\":\"https:\/\/www.pavimentus.com\/ca\/#\/schema\/logo\/image\/\"},\"sameAs\":[\"https:\/\/www.facebook.com\/pavimentus\/\"]}]}<\/script>\n<!-- \/ Yoast SEO plugin. -->","yoast_head_json":{"title":"Av\u00eds legal | Pavimentus","description":"P\u00e0gina d'av\u00eds legal del lloc web de Pavimentus.","robots":{"index":"index","follow":"follow","max-snippet":"max-snippet:-1","max-image-preview":"max-image-preview:large","max-video-preview":"max-video-preview:-1"},"canonical":"https:\/\/www.pavimentus.com\/ca\/avis-legal\/","og_locale":"ca_ES","og_type":"article","og_title":"Av\u00eds legal | Pavimentus","og_description":"P\u00e0gina d'av\u00eds legal del lloc web de Pavimentus.","og_url":"https:\/\/www.pavimentus.com\/ca\/avis-legal\/","og_site_name":"Pavimentus \u00b7 Tarima Tecnol\u00f3gica Sint\u00e9tica, Vallas y Medianeras y Revestimiento","article_publisher":"https:\/\/www.facebook.com\/pavimentus\/","article_modified_time":"2025-01-28T10:05:10+00:00","twitter_card":"summary_large_image","twitter_misc":{"Temps estimat de lectura":"5 minuts"},"schema":{"@context":"https:\/\/schema.org","@graph":[{"@type":"WebPage","@id":"https:\/\/www.pavimentus.com\/ca\/avis-legal\/","url":"https:\/\/www.pavimentus.com\/ca\/avis-legal\/","name":"Av\u00eds legal | Pavimentus","isPartOf":{"@id":"https:\/\/www.pavimentus.com\/ca\/#website"},"datePublished":"2023-08-07T10:41:29+00:00","dateModified":"2025-01-28T10:05:10+00:00","description":"P\u00e0gina d'av\u00eds legal del lloc web de Pavimentus.","breadcrumb":{"@id":"https:\/\/www.pavimentus.com\/ca\/avis-legal\/#breadcrumb"},"inLanguage":"ca","potentialAction":[{"@type":"ReadAction","target":["https:\/\/www.pavimentus.com\/ca\/avis-legal\/"]}]},{"@type":"BreadcrumbList","@id":"https:\/\/www.pavimentus.com\/ca\/avis-legal\/#breadcrumb","itemListElement":[{"@type":"ListItem","position":1,"name":"Portada","item":"https:\/\/www.pavimentus.com\/ca\/"},{"@type":"ListItem","position":2,"name":"Av\u00eds Legal"}]},{"@type":"WebSite","@id":"https:\/\/www.pavimentus.com\/ca\/#website","url":"https:\/\/www.pavimentus.com\/ca\/","name":"Pavimentus \u00b7 Tarima Tecnol\u00f3gica Sint\u00e9tica, Vallas y Medianeras y Revestimiento","description":"Tarimas, fachadas y vallas de madera sint\u00e9tica o tecnol\u00f3gica de bajo mantenimiento. Para m\u00e1s informaci\u00f3n: 93 135 10 05","publisher":{"@id":"https:\/\/www.pavimentus.com\/ca\/#organization"},"potentialAction":[{"@type":"SearchAction","target":{"@type":"EntryPoint","urlTemplate":"https:\/\/www.pavimentus.com\/ca\/?s={search_term_string}"},"query-input":{"@type":"PropertyValueSpecification","valueRequired":true,"valueName":"search_term_string"}}],"inLanguage":"ca"},{"@type":"Organization","@id":"https:\/\/www.pavimentus.com\/ca\/#organization","name":"Pavimentus \u00b7 Tarima Tecnol\u00f3gica Sint\u00e9tica, Vallas y Medianeras y Revestimiento","url":"https:\/\/www.pavimentus.com\/ca\/","logo":{"@type":"ImageObject","inLanguage":"ca","@id":"https:\/\/www.pavimentus.com\/ca\/#\/schema\/logo\/image\/","url":"https:\/\/www.pavimentus.com\/wp-content\/uploads\/2024\/08\/cropped-LOGO_PAVIMENTUS_01.png","contentUrl":"https:\/\/www.pavimentus.com\/wp-content\/uploads\/2024\/08\/cropped-LOGO_PAVIMENTUS_01.png","width":3635,"height":426,"caption":"Pavimentus \u00b7 Tarima Tecnol\u00f3gica Sint\u00e9tica, Vallas y Medianeras y Revestimiento"},"image":{"@id":"https:\/\/www.pavimentus.com\/ca\/#\/schema\/logo\/image\/"},"sameAs":["https:\/\/www.facebook.com\/pavimentus\/"]}]}},"_links":{"self":[{"href":"https:\/\/www.pavimentus.com\/ca\/wp-json\/wp\/v2\/pages\/990372","targetHints":{"allow":["GET"]}}],"collection":[{"href":"https:\/\/www.pavimentus.com\/ca\/wp-json\/wp\/v2\/pages"}],"about":[{"href":"https:\/\/www.pavimentus.com\/ca\/wp-json\/wp\/v2\/types\/page"}],"author":[{"embeddable":true,"href":"https:\/\/www.pavimentus.com\/ca\/wp-json\/wp\/v2\/users\/2"}],"replies":[{"embeddable":true,"href":"https:\/\/www.pavimentus.com\/ca\/wp-json\/wp\/v2\/comments?post=990372"}],"version-history":[{"count":0,"href":"https:\/\/www.pavimentus.com\/ca\/wp-json\/wp\/v2\/pages\/990372\/revisions"}],"wp:attachment":[{"href":"https:\/\/www.pavimentus.com\/ca\/wp-json\/wp\/v2\/media?parent=990372"}],"curies":[{"name":"wp","href":"https:\/\/api.w.org\/{rel}","templated":true}]}}